{"id":3,"date":"2025-10-09T09:01:46","date_gmt":"2025-10-09T14:01:46","guid":{"rendered":"https:\/\/enlaceeditorial.com\/libros_colsubsidio\/?page_id=3"},"modified":"2025-10-15T08:53:32","modified_gmt":"2025-10-15T13:53:32","slug":"politica-privacidad","status":"publish","type":"page","link":"https:\/\/enlaceeditorial.com\/libros_colsubsidio\/politica-privacidad\/","title":{"rendered":"POLITICAS PARA EL TRATAMIENTO DE DATOS PERSONALES."},"content":{"rendered":"\n<p><\/p>\n\n\n\n<h2 class=\"wp-block-heading\">ENLACE EDITORIAL S.A.S.<\/h2>\n\n\n\n<p>Esta Pol\u00edtica de Protecci\u00f3n de Datos Personales se aplicar\u00e1 a todas las Bases de Datos y\/o Archivos que contengan Datos Personales que sean objeto de Tratamiento por parte&nbsp;<strong>ENLACE EDITORIAL S.A.S<\/strong><strong>,&nbsp;<\/strong>considerada como responsable del tratamiento de Datos Personales, en adelante tambi\u00e9n&nbsp;<strong>ENLACE EDITORIAL S.A.S:<\/strong><\/p>\n\n\n\n<ol class=\"wp-block-list\">\n<li>OBJETIVO<\/li>\n<\/ol>\n\n\n\n<p><strong>ENLACE EDITORIAL S.A.S,&nbsp;<\/strong>busca establecer las pol\u00edticas de control para garantizar la protecci\u00f3n de datos personales transmitidos y recibidos de parte de los clientes, proveedores, empleados y accionistas, dando cumplimiento a lo establecido en el Art\u00edculo 17 de la Ley 1581 de 2012 por la cual se dictan disposiciones generales para la protecci\u00f3n de esta informaci\u00f3n, y el Decreto 1377 de 2013 que reglamenta parcialmente la Ley 1581 de 2012. En ese orden de ideas, las finalidades principales son:<\/p>\n\n\n\n<ol class=\"wp-block-list\">\n<li>Registrar responsablemente los datos personales en los sistemas de informaci\u00f3n de\u00a0<strong>ENLACE EDITORIAL S.A.S\u00a0<\/strong>\u00a0y en sus bases de datos comerciales y operativas;\u00a0<\/li>\n\n\n\n<li>Evaluar la calidad del servicio, realizar estudios de mercado sobre h\u00e1bitos de consumo y an\u00e1lisis estad\u00edsticos para usos internos, permitir la participaci\u00f3n de los titulares en actividades de mercadeo y promocionales;<\/li>\n\n\n\n<li>Controlar el acceso a las oficinas y establecimientos de la empresa y fijar medidas de seguridad, incluyendo el establecimiento de zonas video-vigiladas;\u00a0<\/li>\n\n\n\n<li>Brindar respuesta oportuna y clara a consultas, peticiones, quejas y reclamos que sean realizadas por los Titulares y organismos de control y trasmitir los Datos Personales a las dem\u00e1s autoridades que en virtud de la ley aplicable deban recibir los Datos Personales;\u00a0<\/li>\n\n\n\n<li>Transferir la informaci\u00f3n recolectada a distintas \u00e1reas en Colombia y en el exterior cuando ello sea necesario para el desarrollo de sus operaciones (recaudo de cartera y cobros administrativo, tesorer\u00eda, contabilidad, entre otros);<\/li>\n\n\n\n<li>Para la atenci\u00f3n de requerimientos judiciales o administrativos y el cumplimiento de mandatos judiciales o legales;\u00a0<\/li>\n<\/ol>\n\n\n\n<ol class=\"wp-block-list\">\n<li>ALCANCE<\/li>\n<\/ol>\n\n\n\n<p>Esta Pol\u00edtica aplica a&nbsp;<strong>ENLACE EDITORIAL S.A.S<\/strong>, en Colombia. En los apartes de este documento en los cuales se exprese la palabra, deber\u00e1 entenderse que se refiere a&nbsp; la empresa y cualquiera de los establecimientos que hagan parte de la empresa.<\/p>\n\n\n\n<p>III. MARCO NORMATIVO<\/p>\n\n\n\n<p>A continuaci\u00f3n se menciona la normatividad relacionada con la Protecci\u00f3n de Datos Personales:<\/p>\n\n\n\n<ul class=\"wp-block-list\">\n<li>Art\u00edculo 15 de la Constituci\u00f3n Pol\u00edtica<\/li>\n\n\n\n<li>Ley 1266 de 2008<\/li>\n\n\n\n<li>Ley 1581 de 2012<\/li>\n\n\n\n<li>Decreto 1377 de 2013<\/li>\n\n\n\n<li>Decreto 1074 del 26 de mayo de 2015 (Reglamentaci\u00f3n Parcial de la Ley 1581).<\/li>\n\n\n\n<li>Circular 02 del 3 de noviembre de 2015 de (Adici\u00f3n al Cap\u00edtulo 2, T\u00edtulo V de la Circular \u00danica de la SIC.<\/li>\n<\/ul>\n\n\n\n<ol class=\"wp-block-list\">\n<li>AMBITO DE APLICACI\u00d3N<\/li>\n<\/ol>\n\n\n\n<p>Datos personales registrados en cualquier base de datos, que los haga susceptibles de tratamiento por entidades de naturaleza p\u00fablica o privada, efectuado en el territorio colombiano o en pa\u00edses en donde sea aplicable la legislaci\u00f3n colombiana.<\/p>\n\n\n\n<ol class=\"wp-block-list\">\n<li>DEFINICIONES<\/li>\n<\/ol>\n\n\n\n<p>Actores del tratamiento de Datos Personales: Son las empresas o personas que llevan a cabo el suministro, recolecci\u00f3n y el tratamiento de datos personales, \u00e9stos son:<\/p>\n\n\n\n<ul class=\"wp-block-list\">\n<li>Responsable del Tratamiento: Persona natural o jur\u00eddica, p\u00fablica o privada, que por s\u00ed misma o en asocio con otros, decida sobre la base de datos y\/o el Tratamiento de los datos.<\/li>\n\n\n\n<li>Encargado del Tratamiento\u201d: Persona natural o jur\u00eddica, p\u00fablica o privada, que por s\u00ed misma o en asocio con otros, realice el Tratamiento de Datos Personales por cuenta del Responsable del Tratamiento de Datos Personales.<\/li>\n\n\n\n<li>Operador de informaci\u00f3n: Se denomina operador de informaci\u00f3n a la persona, entidad u organizaci\u00f3n que recibe de la fuente datos personales sobre varios titulares de la informaci\u00f3n, los administra y los pone en conocimiento de los usuarios. El operador, en cuanto tiene acceso a informaci\u00f3n personal de terceros, debe garantizar la protecci\u00f3n de los derechos del titular de los datos. Salvo que el operador sea la misma fuente de la informaci\u00f3n, este no tiene relaci\u00f3n comercial o de servicio con el titular, por lo tanto, no es responsable por la calidad de los datos que le sean suministrados por la fuente.<\/li>\n\n\n\n<li>Titular de Datos Personales: Persona natural cuyos datos personales sean objeto de Tratamiento..<\/li>\n\n\n\n<li>Fuente de Informaci\u00f3n: Es la persona, entidad u organizaci\u00f3n que recibe o conoce datos personales de los titulares de la informaci\u00f3n, como consecuencia de una relaci\u00f3n comercial o de servicio y que, en raz\u00f3n de autorizaci\u00f3n legal, o del titular, suministra esos datos a un operador de informaci\u00f3 El operador de informaci\u00f3n, a su vez, entregar\u00e1 datos personales al usuario final. Si la fuente entrega la informaci\u00f3n directamente a los usuarios y no, a trav\u00e9s de un operador, tendr\u00e1 la doble condici\u00f3n de fuente y operador y asumir\u00e1 los deberes y responsabilidades de ambos. La fuente de la informaci\u00f3n responde por la calidad de los datos suministrados al operador, y debe garantizar la protecci\u00f3n de los derechos del titular de los datos.<\/li>\n\n\n\n<li>Gestor de Datos: El colaborador que realiza el tratamiento a los datos personales.<\/li>\n\n\n\n<li>Gestor de Datos Externo: Es el empleado de un tercero (Encargado), que realiza el tratamiento a las bases de datos entregadas para la realizaci\u00f3n del tratamiento.<\/li>\n\n\n\n<li>Usuario: Es la persona natural o jur\u00eddica que puede acceder a informaci\u00f3n personal de uno o varios titulares de la informaci\u00f3n suministrada por el operador o por la fuente, o directamente por el titular de la informaci\u00f3 El usuario debe garantizar la protecci\u00f3n de los derechos del titular de los datos. En el caso en que el usuario a su vez entregue la informaci\u00f3n directamente a un operador, aqu\u00e9l tendr\u00e1 la doble condici\u00f3n de usuario y fuente, y asumir\u00e1 los deberes y responsabilidades de ambos.<\/li>\n\n\n\n<li>Autorizaci\u00f3n: Consentimiento previo, expreso e informado del titular para llevar a cabo el Tratamiento de Datos Personales.<\/li>\n\n\n\n<li>Aviso de privacidad: Comunicaci\u00f3n verbal o escrita generada por el Responsable, dirigida al Titular o Titulares para el Tratamiento de sus datos personales, mediante la cual se le informa acerca de la existencia de las pol\u00edticas de Tratamiento de informaci\u00f3n que le ser\u00e1n aplicables, la forma de acceder a las mismas y las finalidades del Tratamiento que se pretende dar a los datos personales.<\/li>\n\n\n\n<li>Cambios sustanciales a una Base de Datos: Son aquellos que se relacionen con la finalidad de la base de datos, el Encargado de Tratamiento, los canales de atenci\u00f3n al Titular, la clasificaci\u00f3n o tipos de datos personales almacenados en cada base de datos, las medidas de seguridad de la informaci\u00f3n implementadas, la Pol\u00edtica de Tratamiento de la Informaci\u00f3n y la transferencia y transmisi\u00f3n internacional de datos personales.<\/li>\n\n\n\n<li>Canales para ejercer derechos: Son los medios de recepci\u00f3n y atenci\u00f3n de peticiones, consultas y reclamos que el Responsable del Tratamiento y el Encargado del Tratamiento deben poner a disposici\u00f3n de los Titulares de la informaci\u00f3n, con los datos de contacto respectivos, por medio de los cuales el Titular puede ejercer sus derechos a conocer, actualizar, rectificar y suprimir sus datos personales contenidos en bases de datos y revocar la autorizaci\u00f3n que haya otorgado para el Tratamiento de los mismos, cuando esto sea posible. Estos canales deben prever, por lo menos, la posibilidad de que el Titular ejerza sus derechos a trav\u00e9s del mismo medio por el cual fue recogida su informaci\u00f3n, dejando constancia de la recepci\u00f3n y tr\u00e1mite de la respectiva solicitud.<\/li>\n\n\n\n<li>Conducta inequ\u00edvoca: Comportamiento que permite concluir de forma razonable que el Titular de Datos Personales otorg\u00f3 la autorizaci\u00f3n para el tratamiento de sus datos.<\/li>\n\n\n\n<li>Consulta: Proceso mediante el cual el Titular de Datos Personales puede solicitar al establecimiento, su informaci\u00f3n personal que reposa en las bases de datos.<\/li>\n\n\n\n<li>Dato Personal: Cualquier informaci\u00f3n vinculada o que pueda asociarse a una o varias personas naturales determinadas o determinables.<\/li>\n\n\n\n<li>Dato p\u00fablico: Es el dato que no sea semiprivado, privado o sensible. Son considerados datos p\u00fablicos, entre otros, los datos relativos al estado civil de las personas, a su profesi\u00f3n u oficio y a su calidad de comerciante o de servidor p\u00fa Por su naturaleza, los datos p\u00fablicos pueden estar contenidos, entre otros, en registros p\u00fablicos, documentos p\u00fablicos, gacetas y boletines oficiales y sentencias judiciales debidamente ejecutoriadas que no est\u00e9n sometidas a reserva.<\/li>\n\n\n\n<li>Datos Sensibles: Se entiende por datos sensibles aquellos que afectan la intimidad del Titular o cuyo uso indebido puede generar su discriminaci\u00f3n, tales como aquellos que revelen el origen racial o \u00e9tnico, la orientaci\u00f3n pol\u00edtica, las convicciones religiosas o filos\u00f3ficas, la pertenencia a sindicatos, organizaciones sociales, de derechos humanos o que promueva intereses de cualquier partido pol\u00edtico o que garanticen los derechos y garant\u00edas de partidos pol\u00edticos de oposici\u00f3n, as\u00ed como los datos relativos a la salud, a vida sexual, y los datos biom\u00e9<\/li>\n\n\n\n<li>Incidente de Seguridad: Se refiere a la violaci\u00f3n de los c\u00f3digos de seguridad o la p\u00e9rdida o robo y\/o acceso no autorizado de informaci\u00f3n de una base de datos administrada por el Responsable del Tratamiento o por su Encargado.<\/li>\n\n\n\n<li>Reclamo: Proceso mediante el cual los Titulares de los datos Personales o sus causahabientes, podr\u00e1n solicitar al responsable de la informaci\u00f3n, la actualizaci\u00f3n, rectificaci\u00f3n, supresi\u00f3n parcial o total de la informaci\u00f3n, la prueba de la autorizaci\u00f3n o la revocatoria de la misma.<\/li>\n\n\n\n<li>SIC: Superintendencia de Industria y Comercio.<\/li>\n\n\n\n<li>Transferencia: La transferencia de datos tiene lugar cuando el Responsable y\/o Encargado del Tratamiento de datos personales, ubicado en Colombia, env\u00eda la informaci\u00f3n o los datos personales a un receptor, que a su vez es Responsable del Tratamiento y se encuentra dentro o fuera del pa\u00ed<\/li>\n\n\n\n<li>Transmisi\u00f3n: Tratamiento de datos personales que implica la comunicaci\u00f3n de los mismos dentro o fuera de Colombia cuando tenga por objeto la realizaci\u00f3n de un Tratamiento por el Encargado por cuenta del Responsable.<\/li>\n\n\n\n<li>Tratamiento de Datos Personales: Cualquier operaci\u00f3n o conjunto de operaciones sobre Datos Personales, tales como la recolecci\u00f3n, almacenamiento, consulta, intercambio, transferencia, uso, circulaci\u00f3n o supresi\u00f3n.<\/li>\n<\/ul>\n\n\n\n<ol class=\"wp-block-list\">\n<li>NORMAS Y CRITERIOS DE APLICACI\u00d3N<\/li>\n<\/ol>\n\n\n\n<p>El Responsable y encargado definir\u00e1n los lineamientos para el desarrollo e implementaci\u00f3n del Sistema de Protecci\u00f3n de Datos Personales en&nbsp;<strong>ENLACE EDITORIAL S.A.S.<\/strong><\/p>\n\n\n\n<p>.<\/p>\n\n\n\n<ol class=\"wp-block-list\">\n<li>PRINCIPIOS GENERALES PARA EL TRATAMIENTO DE DATOS PERSONALES<\/li>\n<\/ol>\n\n\n\n<p>En el Tratamiento de Datos Personales se cumplir\u00e1 con los siguientes principios:<\/p>\n\n\n\n<ol class=\"wp-block-list\">\n<li>Principio de finalidad: El Tratamiento de Datos Personales debe obedecer a una finalidad leg\u00edtima que se informar\u00e1 al Titular.<\/li>\n\n\n\n<li>b) Principio de libertad: El Tratamiento de Datos Personales s\u00f3lo puede ejercerse con el consentimiento, previo, expreso e informado del Titular. Los Datos Personales no podr\u00e1n ser obtenidos o divulgados sin previa autorizaci\u00f3n o mandato legal o judicial que releve el consentimiento del Titular.<\/li>\n\n\n\n<li>c) Principio de veracidad o calidad: La informaci\u00f3n sujeta a tratamiento debe ser veraz, completa, exacta, actualizada, comprobable y comprensible. Se proh\u00edbe el Tratamiento de datos parciales, incompletos, fraccionados o que induzcan a error.<\/li>\n\n\n\n<li>d) Principio de transparencia: En el Tratamiento debe garantizarse el derecho del Titular a obtener, en cualquier momento y sin restricciones, informaci\u00f3n acerca de la existencia de datos que le conciernan.<\/li>\n\n\n\n<li>e) Principio de acceso y circulaci\u00f3n restringida: Los Datos Personales, salvo la informaci\u00f3n p\u00fablica, no podr\u00e1n estar disponibles en Internet u otros medios de divulgaci\u00f3n o comunicaci\u00f3n masiva, salvo que el acceso sea t\u00e9cnicamente controlable para brindar un conocimiento restringido s\u00f3lo a los Titulares o terceros autorizados por ellos.<\/li>\n\n\n\n<li>f) Principio de seguridad: La informaci\u00f3n sujeta a Tratamiento, se deber\u00e1 manejar con las medidas t\u00e9cnicas, humanas y administrativas que sean necesarias para otorgar seguridad a los registros evitando su adulteraci\u00f3n, p\u00e9rdida, consulta, uso o acceso no autorizado o fraudulento.<\/li>\n\n\n\n<li>g) Principio de confidencialidad: Todas las personas que intervengan en el Tratamiento de Datos Personales est\u00e1n obligadas a garantizar la reserva de la informaci\u00f3n, inclusive despu\u00e9s de finalizada su relaci\u00f3n con alguna de las labores que comprende el tratamiento.<\/li>\n\n\n\n<li>CATEGORIAS ESPECIALES DE DATOS<\/li>\n<\/ol>\n\n\n\n<p>2.1 Datos sensibles:<\/p>\n\n\n\n<p>Est\u00e1 prohibido el tratamiento de datos sensibles, excepto cuando:<\/p>\n\n\n\n<ol class=\"wp-block-list\">\n<li>El Titular haya dado su autorizaci\u00f3n expl\u00edcita a dicho Tratamiento, salvo en los casos que por ley no sea requerido el otorgamiento de dicha autorizaci\u00f3n.<\/li>\n\n\n\n<li>b) El Tratamiento sea necesario para salvaguardar el inter\u00e9s vital del Titular y \u00e9ste se encuentre f\u00edsica o jur\u00eddicamente incapacitado. En estos eventos, los representantes legales deber\u00e1n otorgar su autorizaci\u00f3n.<\/li>\n\n\n\n<li>c) El Tratamiento sea efectuado en el curso de las actividades leg\u00edtimas y con las debidas garant\u00edas por parte de una fundaci\u00f3n, ONG, asociaci\u00f3n o cualquier otro organismo sin \u00e1nimo de lucro, cuya finalidad sea pol\u00edtica, filos\u00f3fica, religiosa o sindical, siempre que se refieran exclusivamente a sus miembros o a las personas que mantengan contactos regulares por su finalidad. En estos eventos, los datos no se podr\u00e1n suministrar a terceros sin la autorizaci\u00f3n del Titular.<\/li>\n\n\n\n<li>d) El Tratamiento se refiera a datos que sean necesarios para el reconocimiento, ejercicio o defensa de un derecho en un proceso judicial.<\/li>\n\n\n\n<li>e) El Tratamiento tenga una finalidad hist\u00f3rica, estad\u00edstica o cient\u00ed En este evento deber\u00e1n adoptarse las medidas para suprimir la identidad de los Titulares.<\/li>\n<\/ol>\n\n\n\n<p>2.2 Derechos de los ni\u00f1os, ni\u00f1as y adolescentes:<\/p>\n\n\n\n<p>El tratamiento de datos personales de ni\u00f1os, ni\u00f1as y adolescentes est\u00e1 prohibido, excepto cuando se trate de datos de naturaleza p\u00fablica. Las \u00c1reas que por la naturaleza de su gesti\u00f3n deban realizar este tipo de datos personales, deben aplicar los principios para la protecci\u00f3n de los derechos fundamentales de este tipo de Titulares de Datos Personales.<\/p>\n\n\n\n<ol start=\"3\" class=\"wp-block-list\">\n<li>TRATAMIENTO AL CUAL SERAN SOMETIDOS LOS DATOS Y FINALIDAD DEL MISMO<\/li>\n<\/ol>\n\n\n\n<p>Los datos ser\u00e1n utilizados por&nbsp;<strong>ENLACE EDITORIAL S.A.S<\/strong>&nbsp;para el desarrollo de su objeto social y de la relaci\u00f3n contractual que lo vincula con el Titular de Datos Personales, en caso de existir, y en particular para:<\/p>\n\n\n\n<ol class=\"wp-block-list\">\n<li>a) Desarrollar relaciones comerciales con terceros.<\/li>\n\n\n\n<li>b) Informar sobre nuevos productos o servicios, o cambios en las condiciones de los productos.<\/li>\n\n\n\n<li>c) Realizar tratamientos estad\u00edsticos de sus datos.<\/li>\n\n\n\n<li>d) Evaluar la calidad de productos o servicios.<\/li>\n\n\n\n<li>e) Desarrollar actividades de mercadeo y promocionales.<\/li>\n\n\n\n<li>f) Transmitir, mediante publicaci\u00f3n en la web , correo f\u00edsico, electr\u00f3nico, celular o<\/li>\n<\/ol>\n\n\n\n<p>dispositivo m\u00f3vil, \u2013 v\u00eda mensajes de texto (SMS y\/o MMS) informaci\u00f3n comercial, publicitaria o promocional sobre los productos y\/o servicios, eventos y\/o promociones, con el fin de impulsar, invitar, dirigir, ejecutar, informar y de manera general, llevar a cabo campa\u00f1as, promociones o concursos.<\/p>\n\n\n\n<ol class=\"wp-block-list\">\n<li>g) Realizar estudios internos sobre el cumplimiento de las relaciones comerciales y estudios de mercado.<\/li>\n\n\n\n<li>h) Atender servicios a trav\u00e9s de Call Center<\/li>\n\n\n\n<li>i) Dar cumplimiento a obligaciones contra\u00eddas con el Titular.<\/li>\n\n\n\n<li>j) Responder requerimientos legales de entidades administrativas y judiciales.<\/li>\n\n\n\n<li>k) En ejecuci\u00f3n de contratos de prestaci\u00f2n de servicios.<\/li>\n\n\n\n<li>l) Garantizar la seguridad del establecimiento.<\/li>\n\n\n\n<li>m) Desarrollar actividades de capacitaci\u00f3n.<\/li>\n<\/ol>\n\n\n\n<p>n)Controlar el acceso a las oficinas la empresa y establecer medidas de seguridad, incluyendo el establecimiento de zonas video-vigiladas;&nbsp;&nbsp;<\/p>\n\n\n\n<ol class=\"wp-block-list\">\n<li>o) Utilizar los distintos servicios a trav\u00e9s de los sitios web de la empresa, incluyendo descargas de contenidos y formatos.<\/li>\n<\/ol>\n\n\n\n<p>p)Administrar y operar, directamente o por conducto de terceros, los procesos de selecci\u00f3n y vinculaci\u00f3n de personal, incluyendo la evaluaci\u00f3n y calificaci\u00f3n de los participantes y la verificaci\u00f3n de referencias laborales y personales, y la realizaci\u00f3n de estudios de seguridad;&nbsp;&nbsp;<\/p>\n\n\n\n<p>q)Desarrollar las actividades propias de la gesti\u00f3n de Recursos Humanos dentro de la empresa, tales como n\u00f3mina, afiliaciones a entidades del sistema general de seguridad social, actividades de bienestar y salud ocupacional, ejercicio de la potestad sancionatoria del empleador, entre otras;&nbsp;<\/p>\n\n\n\n<p>r)Realizar los pagos necesarios derivados de la ejecuci\u00f3n del contrato de trabajo y\/o su terminaci\u00f3n, y las dem\u00e1s prestaciones sociales a que haya lugar de conformidad con la ley aplicable;&nbsp;&nbsp;<\/p>\n\n\n\n<p>s)Contratar beneficios laborales con terceros, tales como seguros de vida, gastos m\u00e9dicos, entre otros;&nbsp;&nbsp;<\/p>\n\n\n\n<p>t)Notificar a contactos autorizados en caso de emergencias durante el horario de trabajo o con ocasi\u00f3n del desarrollo del mismo;&nbsp;&nbsp;<\/p>\n\n\n\n<p>w)Coordinar el desarrollo profesional de los empleados, el acceso de los empleados a los recursos inform\u00e1ticos del empleador y dar soporte para su utilizaci\u00f3n;&nbsp;&nbsp;<\/p>\n\n\n\n<p>x)Planificar actividades empresariales;<\/p>\n\n\n\n<ol class=\"wp-block-list\">\n<li>y) Para el pago de dividendos a nuestros accionistas<\/li>\n\n\n\n<li>AUTORIZACI\u00d3N<\/li>\n<\/ol>\n\n\n\n<p>El Tratamiento de Datos Personales realizado por&nbsp;<strong>ENLACE EDITORIAL S.A.S<\/strong>, requiere del consentimiento libre, previo, expreso e informado del Titular. La empresa, en su condici\u00f3n de Responsable del Tratamiento de Datos Personales, ha dispuesto de los mecanismos necesarios para obtener la autorizaci\u00f3n del Titular, sus causahabientes o representantes legitimados.<\/p>\n\n\n\n<p>La autorizaci\u00f3n podr\u00e1 darse por medio de un documento f\u00edsico, electr\u00f3nico o cualquier otro formato que permita garantizar su posterior consulta, y que, adem\u00e1s, pueda demostrarse, de manera inequ\u00edvoca, que el Titular de los Datos Personales:<\/p>\n\n\n\n<ol class=\"wp-block-list\">\n<li>a) autoriz\u00f3 el tratamiento,<\/li>\n\n\n\n<li>b) conoce y acepta que\u00a0<strong>ENLACE EDITORIAL S.A.S<\/strong>\u00a0recoger\u00e1 y utilizar\u00e1 la informaci\u00f3n para los fines que le han sido informados.<\/li>\n<\/ol>\n\n\n\n<p>En virtud de lo anterior, la autorizaci\u00f3n solicitada deber\u00e1 incluir:<\/p>\n\n\n\n<ol class=\"wp-block-list\">\n<li>a) El Responsable del Tratamiento y qu\u00e9 datos se recopilan;<\/li>\n\n\n\n<li>b) La finalidad del tratamiento de los datos;<\/li>\n\n\n\n<li>c) Los derechos de acceso, correcci\u00f3n, actualizaci\u00f3n o supresi\u00f3n de los datos personales suministrados por el titular y,<\/li>\n\n\n\n<li>d) Si se recopilan Datos Sensibles.<\/li>\n\n\n\n<li>e) La identificaci\u00f3n, direcci\u00f3n f\u00edsica o electr\u00f3nica y tel\u00e9fono del Responsable del Tratamiento.<\/li>\n\n\n\n<li>AVISO DE PRIVACIDAD<\/li>\n<\/ol>\n\n\n\n<p><strong>ENLACE EDITORIAL S.A.S&nbsp;<\/strong>cuenta con el Aviso de Privacidad, que contiene la informaci\u00f3n exigida mediante el Decreto 1377 de 2013, el cual ser\u00e1 comunicado al Titular de Datos Personales a trav\u00e9s de medios de comunicaci\u00f3n de la compa\u00f1\u00eda. Para facilitar la divulgaci\u00f3n, su contenido podr\u00e1 ser incluido dentro de la autorizaci\u00f3n.<\/p>\n\n\n\n<p>5.1 Aviso de Privacidad:<\/p>\n\n\n\n<p>En cumplimiento a la Ley 1581 de 2012 y el Decreto 1377 de 2013,&nbsp;<strong>ENLACE EDITORIAL S.A.S<\/strong>, informan al Titular de Datos Personales, que los datos que se han recolectado o que se recolectar\u00e1n hacia el futuro, ser\u00e1n utilizados \u00fanicamente para los fines que le han sido comunicados, As\u00ed mismo, le informan que podr\u00e1 ejercer su derecho para presentar solicitudes de consulta o reclamo, solicitar correcci\u00f3n, actualizaci\u00f3n o supresi\u00f3n, de acuerdo con la ley y los lineamientos consignados en la Pol\u00edtica de Protecci\u00f3n de Datos que se encuentra publicada en la p\u00e1gina web<\/p>\n\n\n\n<ol start=\"6\" class=\"wp-block-list\">\n<li>DERECHOS Y DEBERES DE LOS TITULARES<\/li>\n<\/ol>\n\n\n\n<p>El Titular de los Datos Personales tendr\u00e1 los siguientes derechos:<\/p>\n\n\n\n<ol class=\"wp-block-list\">\n<li>a) Conocer, actualizar y rectificar los Datos Personales.<\/li>\n\n\n\n<li>b) Solicitar pruebas de la autorizaci\u00f3n otorgada al responsable de la informaci\u00f3n<\/li>\n\n\n\n<li>c) Ser informado por el responsable de la informaci\u00f3n, previa solicitud, respecto del uso que le ha dado a sus Datos<\/li>\n\n\n\n<li>d) Presentar consultas ante el Responsable o Encargado del Tratamiento, conforme a lo<\/li>\n<\/ol>\n\n\n\n<p>establecido en el numeral 9 de la presente pol\u00edtica.<\/p>\n\n\n\n<ol class=\"wp-block-list\">\n<li>e) Presentar ante la Superintendencia de Industria y Comercio quejas por infracciones a lo<\/li>\n<\/ol>\n\n\n\n<p>dispuesto en la presente ley y las dem\u00e1s normas que la modifiquen, adicionen o complementen, una vez haya agotado el tr\u00e1mite de consulta o reclamo ante el Responsable o el Encargado del tratamiento, seg\u00fan el Art\u00edculo 16 del Decreto 1377.<\/p>\n\n\n\n<ol class=\"wp-block-list\">\n<li>f) Acceder de manera gratuita a los Datos Personales que son objeto de Tratamiento.<\/li>\n<\/ol>\n\n\n\n<p>El Titular de los Datos Personales debe mantener actualizada su informaci\u00f3n y garantizar, en todo momento, la veracidad de la misma.&nbsp;&nbsp;<strong>ENLACE EDITORIAL S.A.S<\/strong><strong>&nbsp;<\/strong>no se har\u00e1 responsable, en ning\u00fan caso, por cualquier tipo de responsabilidad derivada por la inexactitud de la informaci\u00f3n suministrada por el Titular.<\/p>\n\n\n\n<ol start=\"7\" class=\"wp-block-list\">\n<li>MEDIDAS DE SEGURIDAD<\/li>\n<\/ol>\n\n\n\n<p><strong>ENLACE EDITORIAL S.A.S<\/strong>&nbsp;adoptar\u00e1 las medidas t\u00e9cnicas, humanas y administrativas que sean necesarias para otorgar seguridad a los registros evitando su adulteraci\u00f3n, p\u00e9rdida, consulta, uso o acceso no autorizado o fraudulento. Dichas medidas responder\u00e1n a los requerimientos m\u00ednimos hechos por la legislaci\u00f3n vigente y peri\u00f3dicamente se evaluar\u00e1 su efectividad.<\/p>\n\n\n\n<p>En aplicaci\u00f3n del Principio de Seguridad en el Tratamiento de Datos Personales,&nbsp;&nbsp;<strong>ENLACE EDITORIAL S.A.S<\/strong><strong>&nbsp;<\/strong>otorgar\u00e1 las medidas t\u00e9cnicas y administrativas que necesarias para brindar toda la seguridad a los registros evitando que se adulteren, extrav\u00eden, sean consultados o accedido fraudulentamente. La obligaci\u00f3n y responsabilidad de&nbsp;<strong>ENLACE EDITORIAL S.A.S<\/strong>&nbsp;se limita a disponer de los medios adecuados para este fin,&nbsp;no es posible garantizar la seguridad total de su informaci\u00f3n, Cualquier consecuencia derivada de fallas t\u00e9cnicas o del ingreso indebido por parte de terceros a la Base de Datos o archivo en los que reposan los Datos Personales objeto de Tratamiento por parte de la empresa&nbsp;y sus Encargados.<\/p>\n\n\n\n<ol start=\"8\" class=\"wp-block-list\">\n<li>RESPONSABLE DEL TRATAMIENTO<\/li>\n<\/ol>\n\n\n\n<p><strong>ENLACE EDITORIAL S.A.S<\/strong>&nbsp;tiene presente que los Datos Personales son de propiedad de las personas a las que se refieren y solamente ellas pueden decidir sobre los mismos. En consecuencia, la empresa har\u00e1 uso de los Datos Personales recolectados \u00fanicamente para las finalidades para las que se encuentra debidamente facultada y respetando, en todo caso, la normatividad vigente sobre la Protecci\u00f3n de Datos Personales.&nbsp;&nbsp;<\/p>\n\n\n\n<p><strong>ENLACE EDITORIAL S.A.S<\/strong>&nbsp;atender\u00e1 los deberes previstos para los Responsables del Tratamiento, contenidos en el art\u00edculo 17 de la Ley 1581 de 2012 y las dem\u00e1s normas que la reglamenten, modifiquen o sustituyan.&nbsp;<\/p>\n\n\n\n<p><strong>ENLACE EDITORIAL S.A.S<\/strong>&nbsp;podr\u00e1 ser responsable y\/o encargada de la recolecci\u00f3n y\/o del Tratamiento de Datos Personales, conservar\u00e1 la Autorizaci\u00f3n y dem\u00e1s registros almacenados, impidiendo que se deterioren, pierdan, alteren o se usen sin autorizaci\u00f3n.<\/p>\n\n\n\n<p>Los Titulares de la Informaci\u00f3n pueden ejercer sus derechos de revocar la autorizaci\u00f3n para el tratamiento de datos, conocer, actualizar, rectificar y suprimir sus Datos Personales, enviando comunicaciones al correo electr\u00f3nico.<\/p>\n\n\n\n<ol start=\"9\" class=\"wp-block-list\">\n<li><strong>SOLICITUDES POR PARTE DEL TITULAR DE DATOS<\/strong><\/li>\n<\/ol>\n\n\n\n<p>El responsable de garantizar la respuesta oportuna a las solicitudes de consulta o reclamo es el Encargado de la Informaci\u00f3n, a trav\u00e9s de los canales definidos en numeral 8 del Cap\u00edtulo VI de esta Pol\u00edtica, a trav\u00e9s de los datos de contacto.<\/p>\n\n\n\n<p>9.1 Consulta<\/p>\n\n\n\n<p>Los Titulares de los Datos Personales o sus causahabientes podr\u00e1n, en cualquier momento, consultar la informaci\u00f3n personal que repose en las bases de datos de&nbsp;<strong>ENLACE EDITORIAL S.A.S<\/strong>. Igualmente, podr\u00e1n solicitar la demostraci\u00f3n de la existencia de su autorizaci\u00f3n para el tratamiento de Datos Personales.<\/p>\n\n\n\n<p>T\u00e9rmino para la Atenci\u00f3n de Consulta.<\/p>\n\n\n\n<p>De acuerdo con la Ley 1581 de 2012, la solicitud de consulta debe ser atendida en un t\u00e9rmino m\u00e1ximo de diez (10) d\u00edas h\u00e1biles contados a partir de la fecha de recibo de la misma. Cuando no fuere posible atender la consulta dentro de dicho t\u00e9rmino, se informar\u00e1 al interesado, expresando los motivos de la demora y se\u00f1alando la fecha en que se atender\u00e1 su consulta, la cual en ning\u00fan caso podr\u00e1 superar los cinco (5) d\u00edas h\u00e1biles siguientes al vencimiento del primer t\u00e9rmino.<\/p>\n\n\n\n<p>9.1 Reclamos<\/p>\n\n\n\n<p>Los Titulares de los datos Personales o sus causahabientes, podr\u00e1n solicitar la actualizaci\u00f3n, rectificaci\u00f3n o la supresi\u00f3n total o parcial de datos. Igualmente, podr\u00e1n solicitar la revocatoria de la autorizaci\u00f3n.<\/p>\n\n\n\n<ul class=\"wp-block-list\">\n<li>Revocatoria de la autorizaci\u00f3n: El Titular de Datos Personales o sus causahabientes podr\u00e1n revocar la autorizaci\u00f3n otorgada, de acuerdo a la normativa vigente.<\/li>\n\n\n\n<li>Supresi\u00f3n de Datos Personales: El Titular de Datos podr\u00e1 solicitar al Responsable y\/o Encargado del Tratamiento la supresi\u00f3n total o parcial de datos personales.<\/li>\n\n\n\n<li>La solicitud de supresi\u00f3n de la informaci\u00f3n y la revocatoria de la autorizaci\u00f3n no proceder\u00e1n cuando el Titular tenga un deber legal, contractual o comercial de permanecer en la base de datos.<\/li>\n\n\n\n<li>De acuerdo con el Art\u00edculo 16 del Decreto 1377, el Titular o causahabiente s\u00f3lo podr\u00e1 elevar queja ante la Superintendencia de Industria y Comercio una vez haya agotado el tr\u00e1mite de consulta o reclamo ante el Responsable o el Encargado del tratamiento.<\/li>\n\n\n\n<li>Cuando se reciba un reclamo por parte del Titular de Datos Personales relativo a inconsistencias en la informaci\u00f3n, o que el dato se encuentre en discusi\u00f3n por parte del mismo, el Responsable del tratamiento, y cuando en su nombre act\u00fae, el Encargado del Tratamiento, debe suspender el uso del mismo, durante un tiempo no menor a la fecha de finalizaci\u00f3n del tr\u00e1 Para esto, el Gestor de Datos, responsable de la base de datos, debe asegurar que exista un registro donde se consignen las siguientes notas: \u201creclamo en tr\u00e1mite\u201d o \u201cinformaci\u00f3n en discusi\u00f3n judicial\u201d seg\u00fan el estado de tr\u00e1mite en el que se encuentre la reclamaci\u00f3n.<\/li>\n\n\n\n<li>T\u00e9rmino para la atenci\u00f3n de Reclamos relativos a Datos Personales:<\/li>\n<\/ul>\n\n\n\n<ul class=\"wp-block-list\">\n<li>De acuerdo con la Ley 1581 de 2012, cuando se reciba una solicitud de reclamo por parte del Titular de Datos Personales, el Gestor de Datos responsable del tratamiento, proceder\u00e1 a revisar si \u00e9sta contiene la informaci\u00f3n suficiente para ser atendida, y, en el caso que requiera mayor informaci\u00f3n le comunicar\u00e1 al Titular, dentro de los siguientes\u00a0 cinco (5) d\u00edas h\u00e1biles siguientes a la recepci\u00f3n del reclamo para que subsane las fallas. Transcurridos dos (2) meses desde la fecha del requerimiento, sin que el solicitante presente la informaci\u00f3n requerida, se entender\u00e1 que ha desistido del reclamo.<\/li>\n\n\n\n<li>Igualmente, la Ley indica que el t\u00e9rmino m\u00e1ximo para atender el reclamo ser\u00e1 de quince (15) d\u00edas h\u00e1biles contados a partir del d\u00eda siguiente a la fecha de su recibo. Cuando no fuere posible atenderlo dentro de dicho t\u00e9rmino se informar\u00e1 al interesado antes del vencimiento del referido plazo los motivos de la demora y la fecha en que se atender\u00e1 su reclamo, la cual en ning\u00fan caso podr\u00e1 superar los ocho (8) d\u00edas h\u00e1biles siguientes al vencimiento del primer t\u00e9<\/li>\n\n\n\n<li>Tiempo interno total para respuesta a Reclamos, radicada ante el Titular de Datos Personales: 15 d\u00edas h\u00e1biles para primer vencimiento y 23 d\u00edas h\u00e1biles en total, cuando, previa justificaci\u00f3n, se haya requerido extender el primer plazo, contados a partir de la fecha en que el reclamo est\u00e9 completo, correcto, y haya sido aceptado por el Responsable del Tratamiento.<\/li>\n<\/ul>\n\n\n\n<ol start=\"10\" class=\"wp-block-list\">\n<li><strong>ATENCI<\/strong><strong>\u00d3N DE PETICIONES, CONSULTAS Y RECLAMOS:<\/strong><\/li>\n<\/ol>\n\n\n\n<p>Para realizar peticiones, consultas o reclamos con el fin de ejercer los derechos a conocer, actualizar, rectificar, suprimir los datos o revocar la autorizaci\u00f3n otorgada, el Titular o sus causahabientes pueden utilizar cualquiera de los siguientes canales de comunicaci\u00f3n:<\/p>\n\n\n\n<figure class=\"wp-block-table\"><table class=\"has-fixed-layout\"><tbody><tr><td>OFICINA PRINCIPAL<\/td><td>Avenida calle 22 No. 42-31 Puente Aranda Bogot\u00e1 D.C \u2013 Col.<\/td><\/tr><tr><td>CORREO ELECTRONICO<\/td><td>contactenos@enlaceeditorial.com<\/td><\/tr><tr><td><\/td><td>&nbsp;<\/td><\/tr><\/tbody><\/table><\/figure>\n\n\n\n<ol start=\"11\" class=\"wp-block-list\">\n<li><strong>Informaci\u00f3n obtenida a trav\u00e9s de sitios web\u00a0<\/strong><\/li>\n<\/ol>\n\n\n\n<p>En caso de que se&nbsp;utilicen los servicios contenidos dentro de los sitios web, la empresa&nbsp; podr\u00e1 recopilar informaci\u00f3n en forma pasiva a trav\u00e9s de tecnolog\u00edas para el manejo de la informaci\u00f3n, conocidas como \u201ccookies\u201d, a trav\u00e9s de los cuales se recolecta informaci\u00f3n acerca del hardware y el software del equipo, direcci\u00f3n IP, tipo de explorador, sistema operativo, nombre de dominio, tiempo de acceso y las direcciones de los sitios web de procedencia; mediante el uso de \u00e9stas herramientas no se recolectan directamente Datos Personales de los usuarios. Se recopilar\u00e1 informaci\u00f3n acerca de las p\u00e1ginas que la persona visita con mayor frecuencia en estos sitios web a efectos de conocer sus h\u00e1bitos de navegaci\u00f3n. No obstante, el usuario de los sitios web de&nbsp;la empresa tiene la posibilidad de configurar el funcionamiento de las \u201ccookies\u201d, de acuerdo con las opciones de su navegador de internet.&nbsp;&nbsp;<\/p>\n\n\n\n<ol start=\"12\" class=\"wp-block-list\">\n<li><strong>Vigencia<\/strong><\/li>\n<\/ol>\n\n\n\n<p><strong>&nbsp;<\/strong>La presente pol\u00edtica aplica a partir del d\u00eda de su expedici\u00f3n y la informaci\u00f3n suministrada por los grupos de inter\u00e9s permanecer\u00e1 almacenada por el tiempo que sea necesario has, para permitirle a&nbsp;<strong>ENLACE EDITORIAL S.A.S<\/strong><strong>&nbsp;<\/strong>el cumplimiento de las obligaciones legales y\/o contractuales a su cargo especialmente en materia contable, fiscal y tributaria.<\/p>\n\n\n\n<p>Esta pol\u00edtica podr\u00e1 ser modificada en cualquier momento y de forma unilateral por parte.<\/p>\n","protected":false},"excerpt":{"rendered":"<p>ENLACE EDITORIAL S.A.S. Esta Pol\u00edtica de Protecci\u00f3n de Datos Personales se aplicar\u00e1 a todas las Bases de Datos y\/o Archivos [&hellip;]<\/p>\n","protected":false},"author":1,"featured_media":0,"parent":0,"menu_order":0,"comment_status":"closed","ping_status":"open","template":"","meta":{"site-sidebar-layout":"default","site-content-layout":"","ast-site-content-layout":"default","site-content-style":"default","site-sidebar-style":"default","ast-global-header-display":"","ast-banner-title-visibility":"","ast-main-header-display":"","ast-hfb-above-header-display":"","ast-hfb-below-header-display":"","ast-hfb-mobile-header-display":"","site-post-title":"","ast-breadcrumbs-content":"","ast-featured-img":"","footer-sml-layout":"","theme-transparent-header-meta":"","adv-header-id-meta":"","stick-header-meta":"","header-above-stick-meta":"","header-main-stick-meta":"","header-below-stick-meta":"","astra-migrate-meta-layouts":"default","ast-page-background-enabled":"default","ast-page-background-meta":{"desktop":{"background-color":"var(--ast-global-color-5)","background-image":"","background-repeat":"repeat","background-position":"center center","background-size":"auto","background-attachment":"scroll","background-type":"","background-media":"","overlay-type":"","overlay-color":"","overlay-opacity":"","overlay-gradient":""},"tablet":{"background-color":"","background-image":"","background-repeat":"repeat","background-position":"center center","background-size":"auto","background-attachment":"scroll","background-type":"","background-media":"","overlay-type":"","overlay-color":"","overlay-opacity":"","overlay-gradient":""},"mobile":{"background-color":"","background-image":"","background-repeat":"repeat","background-position":"center center","background-size":"auto","background-attachment":"scroll","background-type":"","background-media":"","overlay-type":"","overlay-color":"","overlay-opacity":"","overlay-gradient":""}},"ast-content-background-meta":{"desktop":{"background-color":"var(--ast-global-color-4)","background-image":"","background-repeat":"repeat","background-position":"center center","background-size":"auto","background-attachment":"scroll","background-type":"","background-media":"","overlay-type":"","overlay-color":"","overlay-opacity":"","overlay-gradient":""},"tablet":{"background-color":"var(--ast-global-color-4)","background-image":"","background-repeat":"repeat","background-position":"center center","background-size":"auto","background-attachment":"scroll","background-type":"","background-media":"","overlay-type":"","overlay-color":"","overlay-opacity":"","overlay-gradient":""},"mobile":{"background-color":"var(--ast-global-color-4)","background-image":"","background-repeat":"repeat","background-position":"center center","background-size":"auto","background-attachment":"scroll","background-type":"","background-media":"","overlay-type":"","overlay-color":"","overlay-opacity":"","overlay-gradient":""}},"footnotes":""},"class_list":["post-3","page","type-page","status-publish","hentry"],"_links":{"self":[{"href":"https:\/\/enlaceeditorial.com\/libros_colsubsidio\/wp-json\/wp\/v2\/pages\/3","targetHints":{"allow":["GET"]}}],"collection":[{"href":"https:\/\/enlaceeditorial.com\/libros_colsubsidio\/wp-json\/wp\/v2\/pages"}],"about":[{"href":"https:\/\/enlaceeditorial.com\/libros_colsubsidio\/wp-json\/wp\/v2\/types\/page"}],"author":[{"embeddable":true,"href":"https:\/\/enlaceeditorial.com\/libros_colsubsidio\/wp-json\/wp\/v2\/users\/1"}],"replies":[{"embeddable":true,"href":"https:\/\/enlaceeditorial.com\/libros_colsubsidio\/wp-json\/wp\/v2\/comments?post=3"}],"version-history":[{"count":1,"href":"https:\/\/enlaceeditorial.com\/libros_colsubsidio\/wp-json\/wp\/v2\/pages\/3\/revisions"}],"predecessor-version":[{"id":376,"href":"https:\/\/enlaceeditorial.com\/libros_colsubsidio\/wp-json\/wp\/v2\/pages\/3\/revisions\/376"}],"wp:attachment":[{"href":"https:\/\/enlaceeditorial.com\/libros_colsubsidio\/wp-json\/wp\/v2\/media?parent=3"}],"curies":[{"name":"wp","href":"https:\/\/api.w.org\/{rel}","templated":true}]}}